{"id":1719,"date":"2023-10-21T16:41:09","date_gmt":"2023-10-21T14:41:09","guid":{"rendered":"http:\/\/osz.filmbildung-brandenburg.de\/start\/?page_id=1719"},"modified":"2023-11-15T23:33:00","modified_gmt":"2023-11-15T22:33:00","slug":"news","status":"publish","type":"page","link":"https:\/\/osz-teltow.de\/index.php\/news\/","title":{"rendered":"news"},"content":{"rendered":"\n<h3 class=\"wp-block-heading\">News<\/h3>\n\n\n\n<div style=\"height:72px\" aria-hidden=\"true\" class=\"wp-block-spacer\"><\/div>\n\n\n\n<div class=\"wp-block-query is-layout-flow wp-block-query-is-layout-flow\"><ul class=\"wp-block-post-template is-layout-flow wp-container-core-post-template-is-layout-77fa3bcf wp-block-post-template-is-layout-flow\"><li class=\"wp-block-post post-2860 post type-post status-publish format-standard has-post-thumbnail hentry category-allgemein category-unterrichtsprojekte\">\n\n<div class=\"wp-block-columns alignwide is-layout-flex wp-container-core-columns-is-layout-79fb870f wp-block-columns-is-layout-flex\">\n<div class=\"wp-block-column is-layout-flow wp-block-column-is-layout-flow\" style=\"flex-basis:50%\"><figure class=\"wp-block-post-featured-image\"><a href=\"https:\/\/osz-teltow.de\/index.php\/2026\/08\/17\/ausflug-in-die-technikgeschichte\/\" target=\"_self\" ><img loading=\"lazy\" decoding=\"async\" width=\"2040\" height=\"1536\" src=\"https:\/\/osz-teltow.de\/wp-content\/uploads\/2026\/08\/511300af-779d-4349-9792-e0c21e39fc5f.jpg\" class=\"attachment-post-thumbnail size-post-thumbnail wp-post-image\" alt=\"Ausflug in die Technikgeschichte\" style=\"object-fit:cover;\" srcset=\"https:\/\/osz-teltow.de\/wp-content\/uploads\/2026\/08\/511300af-779d-4349-9792-e0c21e39fc5f.jpg 2040w, https:\/\/osz-teltow.de\/wp-content\/uploads\/2026\/08\/511300af-779d-4349-9792-e0c21e39fc5f-300x226.jpg 300w, https:\/\/osz-teltow.de\/wp-content\/uploads\/2026\/08\/511300af-779d-4349-9792-e0c21e39fc5f-1024x771.jpg 1024w, https:\/\/osz-teltow.de\/wp-content\/uploads\/2026\/08\/511300af-779d-4349-9792-e0c21e39fc5f-768x578.jpg 768w, https:\/\/osz-teltow.de\/wp-content\/uploads\/2026\/08\/511300af-779d-4349-9792-e0c21e39fc5f-1536x1157.jpg 1536w\" sizes=\"auto, (max-width: 2040px) 100vw, 2040px\" \/><\/a><\/figure><\/div>\n\n\n\n<div class=\"wp-block-column is-layout-flow wp-block-column-is-layout-flow\" style=\"flex-basis:50%\"><h6 class=\"wp-block-post-title\"><a href=\"https:\/\/osz-teltow.de\/index.php\/2026\/08\/17\/ausflug-in-die-technikgeschichte\/\" target=\"_self\" >Ausflug in die Technikgeschichte<\/a><\/h6>\n\n<div class=\"wp-block-post-excerpt\"><p class=\"wp-block-post-excerpt__excerpt\">Die letzten Schultage vor den Sommerferien nutzten einige Klassen f\u00fcr berufsspezifische Exkursionen nach Berlin und Potsdam. Die angehenden IT-Systemelektroniker\/innen, Anlagenmechaniker\/innen f\u00fcr Sanit\u00e4r-, Heizungs- und Klimatechnik sowie Veranstaltungstechniker\/innen der Klassen SEL51, SHK31 und VTE51&nbsp;besuchten das Deutsche Technikmuseum. Die Klasse SEL51 war zuvor in dem Museum f\u00fcr Kommunikation Berlin und nahm dort an einer F\u00fchrung durch die&hellip;<\/p><p class=\"wp-block-post-excerpt__more-text\"><a class=\"wp-block-post-excerpt__more-link\" href=\"https:\/\/osz-teltow.de\/index.php\/2026\/08\/17\/ausflug-in-die-technikgeschichte\/\">Mehr<\/a><\/p><\/div><\/div>\n<\/div>\n\n<\/li><li class=\"wp-block-post post-2863 post type-post status-publish format-standard has-post-thumbnail hentry category-allgemein category-demokratiebildung category-unterrichtsprojekte\">\n\n<div class=\"wp-block-columns alignwide is-layout-flex wp-container-core-columns-is-layout-79fb870f wp-block-columns-is-layout-flex\">\n<div class=\"wp-block-column is-layout-flow wp-block-column-is-layout-flow\" style=\"flex-basis:50%\"><figure class=\"wp-block-post-featured-image\"><a href=\"https:\/\/osz-teltow.de\/index.php\/2026\/08\/17\/trilogie-jugendoffizierteil-3-besuch-am-osz-teltow-viel-cooler-als-erwartet\/\" target=\"_self\" ><img loading=\"lazy\" decoding=\"async\" width=\"2560\" height=\"1989\" src=\"https:\/\/osz-teltow.de\/wp-content\/uploads\/2026\/08\/A80I6335-scaled.jpg\" class=\"attachment-post-thumbnail size-post-thumbnail wp-post-image\" alt=\"Trilogie JugendoffizierTeil 3: Besuch am OSZ-Teltow: \u201eViel cooler als erwartet!\u201c\" style=\"object-fit:cover;\" srcset=\"https:\/\/osz-teltow.de\/wp-content\/uploads\/2026\/08\/A80I6335-scaled.jpg 2560w, https:\/\/osz-teltow.de\/wp-content\/uploads\/2026\/08\/A80I6335-300x233.jpg 300w, https:\/\/osz-teltow.de\/wp-content\/uploads\/2026\/08\/A80I6335-1024x795.jpg 1024w, https:\/\/osz-teltow.de\/wp-content\/uploads\/2026\/08\/A80I6335-768x597.jpg 768w, https:\/\/osz-teltow.de\/wp-content\/uploads\/2026\/08\/A80I6335-1536x1193.jpg 1536w, https:\/\/osz-teltow.de\/wp-content\/uploads\/2026\/08\/A80I6335-2048x1591.jpg 2048w\" sizes=\"auto, (max-width: 2560px) 100vw, 2560px\" \/><\/a><\/figure><\/div>\n\n\n\n<div class=\"wp-block-column is-layout-flow wp-block-column-is-layout-flow\" style=\"flex-basis:50%\"><h6 class=\"wp-block-post-title\"><a href=\"https:\/\/osz-teltow.de\/index.php\/2026\/08\/17\/trilogie-jugendoffizierteil-3-besuch-am-osz-teltow-viel-cooler-als-erwartet\/\" target=\"_self\" >Trilogie JugendoffizierTeil 3: Besuch am OSZ-Teltow: \u201eViel cooler als erwartet!\u201c<\/a><\/h6>\n\n<div class=\"wp-block-post-excerpt\"><p class=\"wp-block-post-excerpt__excerpt\">Huch, heute kommt der Lehrer in Uniform?Die Sch\u00fcler vom Oberstufenzentrum Teltow (OSZ) staunten, als sie morgensgegen 9 Uhr in den Klassenraum kamen. Am Pult stand nicht ihr Lehrer,sondern Jugendoffizier Alexander von der Bundewehr. Der Hauptmann ist aufEinladung der Schule gekommen, um die Berufssch\u00fcler 90 Minuten inSicherheitspolitik zu unterrichten.\u201eWir kooperieren schon lange mit der Bundeswehr\u201c, sagt&hellip;<\/p><p class=\"wp-block-post-excerpt__more-text\"><a class=\"wp-block-post-excerpt__more-link\" href=\"https:\/\/osz-teltow.de\/index.php\/2026\/08\/17\/trilogie-jugendoffizierteil-3-besuch-am-osz-teltow-viel-cooler-als-erwartet\/\">Mehr<\/a><\/p><\/div><\/div>\n<\/div>\n\n<\/li><li class=\"wp-block-post post-2869 post type-post status-publish format-standard has-post-thumbnail hentry category-allgemein category-demokratiebildung\">\n\n<div class=\"wp-block-columns alignwide is-layout-flex wp-container-core-columns-is-layout-79fb870f wp-block-columns-is-layout-flex\">\n<div class=\"wp-block-column is-layout-flow wp-block-column-is-layout-flow\" style=\"flex-basis:50%\"><figure class=\"wp-block-post-featured-image\"><a href=\"https:\/\/osz-teltow.de\/index.php\/2026\/08\/17\/erasmus-erfahrungsberichte\/\" target=\"_self\" ><img loading=\"lazy\" decoding=\"async\" width=\"2560\" height=\"1920\" src=\"https:\/\/osz-teltow.de\/wp-content\/uploads\/2026\/08\/CoworkingSpaceOutside-scaled.jpg\" class=\"attachment-post-thumbnail size-post-thumbnail wp-post-image\" alt=\"Erasmus+ Erfahrungsberichte\" style=\"object-fit:cover;\" srcset=\"https:\/\/osz-teltow.de\/wp-content\/uploads\/2026\/08\/CoworkingSpaceOutside-scaled.jpg 2560w, https:\/\/osz-teltow.de\/wp-content\/uploads\/2026\/08\/CoworkingSpaceOutside-300x225.jpg 300w, https:\/\/osz-teltow.de\/wp-content\/uploads\/2026\/08\/CoworkingSpaceOutside-1024x768.jpg 1024w, https:\/\/osz-teltow.de\/wp-content\/uploads\/2026\/08\/CoworkingSpaceOutside-768x576.jpg 768w, https:\/\/osz-teltow.de\/wp-content\/uploads\/2026\/08\/CoworkingSpaceOutside-1536x1152.jpg 1536w, https:\/\/osz-teltow.de\/wp-content\/uploads\/2026\/08\/CoworkingSpaceOutside-2048x1536.jpg 2048w\" sizes=\"auto, (max-width: 2560px) 100vw, 2560px\" \/><\/a><\/figure><\/div>\n\n\n\n<div class=\"wp-block-column is-layout-flow wp-block-column-is-layout-flow\" style=\"flex-basis:50%\"><h6 class=\"wp-block-post-title\"><a href=\"https:\/\/osz-teltow.de\/index.php\/2026\/08\/17\/erasmus-erfahrungsberichte\/\" target=\"_self\" >Erasmus+ Erfahrungsberichte<\/a><\/h6>\n\n<div class=\"wp-block-post-excerpt\"><p class=\"wp-block-post-excerpt__excerpt\">Auslandspraktikum in Sevilla \/ Berichte von Saief Hmaidi und Peter Gies (beide Sch\u00fcler der FAP41) Saief&#8217;s Erfahrung: Mein Erasmus+ Praktikum f\u00fchrte mich f\u00fcr einen Monat nach Sevilla, wo ich bei der Kommunikationsagentur Euromedia Comunicaci\u00f3n einen medizinischen Fachblog \u00fcber WordPress betreute. Viel spannender als die Arbeit war f\u00fcr mich jedoch das Leben in der Stadt selbst,&hellip;<\/p><p class=\"wp-block-post-excerpt__more-text\"><a class=\"wp-block-post-excerpt__more-link\" href=\"https:\/\/osz-teltow.de\/index.php\/2026\/08\/17\/erasmus-erfahrungsberichte\/\">Mehr<\/a><\/p><\/div><\/div>\n<\/div>\n\n<\/li><li class=\"wp-block-post post-2804 post type-post status-publish format-standard has-post-thumbnail hentry category-allgemein\">\n\n<div class=\"wp-block-columns alignwide is-layout-flex wp-container-core-columns-is-layout-79fb870f wp-block-columns-is-layout-flex\">\n<div class=\"wp-block-column is-layout-flow wp-block-column-is-layout-flow\" style=\"flex-basis:50%\"><figure class=\"wp-block-post-featured-image\"><a href=\"https:\/\/osz-teltow.de\/index.php\/2026\/07\/08\/offizieller-start-11-fotowettbewerb\/\" target=\"_self\" ><img loading=\"lazy\" decoding=\"async\" width=\"956\" height=\"675\" src=\"https:\/\/osz-teltow.de\/wp-content\/uploads\/2026\/07\/Plakat_fw27.jpg\" class=\"attachment-post-thumbnail size-post-thumbnail wp-post-image\" alt=\"Offizieller Start 11. Fotowettbewerb\" style=\"object-fit:cover;\" srcset=\"https:\/\/osz-teltow.de\/wp-content\/uploads\/2026\/07\/Plakat_fw27.jpg 956w, https:\/\/osz-teltow.de\/wp-content\/uploads\/2026\/07\/Plakat_fw27-300x212.jpg 300w, https:\/\/osz-teltow.de\/wp-content\/uploads\/2026\/07\/Plakat_fw27-768x542.jpg 768w\" sizes=\"auto, (max-width: 956px) 100vw, 956px\" \/><\/a><\/figure><\/div>\n\n\n\n<div class=\"wp-block-column is-layout-flow wp-block-column-is-layout-flow\" style=\"flex-basis:50%\"><h6 class=\"wp-block-post-title\"><a href=\"https:\/\/osz-teltow.de\/index.php\/2026\/07\/08\/offizieller-start-11-fotowettbewerb\/\" target=\"_self\" >Offizieller Start 11. Fotowettbewerb<\/a><\/h6>\n\n<div class=\"wp-block-post-excerpt\"><p class=\"wp-block-post-excerpt__excerpt\">Zum 11. Mal hei\u00dft es wieder Motivsuche und Objektive sch\u00e4rfen! Der F\u00f6rderverein des OSZ Technik Teltow ruft zur aktiven Teilnahme am Fotowettbewerb auf. Mit dem neuen Thema ist wieder alles offen, der Augenblicke sind keine Grenzen gesetzt, wenn es &#8222;Kleine S\u00fcnden&#8220; gibt, die im Bild festgehalten wurden. Wie immer ist die Teilnahme lukrativ: neben der&hellip;<\/p><p class=\"wp-block-post-excerpt__more-text\"><a class=\"wp-block-post-excerpt__more-link\" href=\"https:\/\/osz-teltow.de\/index.php\/2026\/07\/08\/offizieller-start-11-fotowettbewerb\/\">Mehr<\/a><\/p><\/div><\/div>\n<\/div>\n\n<\/li><li class=\"wp-block-post post-2785 post type-post status-publish format-standard has-post-thumbnail hentry category-allgemein\">\n\n<div class=\"wp-block-columns alignwide is-layout-flex wp-container-core-columns-is-layout-79fb870f wp-block-columns-is-layout-flex\">\n<div class=\"wp-block-column is-layout-flow wp-block-column-is-layout-flow\" style=\"flex-basis:50%\"><figure class=\"wp-block-post-featured-image\"><a href=\"https:\/\/osz-teltow.de\/index.php\/2026\/07\/06\/ein-langes-arbeitsleben-neue-aufgaben-stehen-nun-bevor\/\" target=\"_self\" ><img loading=\"lazy\" decoding=\"async\" width=\"2560\" height=\"1707\" src=\"https:\/\/osz-teltow.de\/wp-content\/uploads\/2026\/07\/IMG_8788-scaled.jpg\" class=\"attachment-post-thumbnail size-post-thumbnail wp-post-image\" alt=\"Ein langes Arbeitsleben, neue Aufgaben stehen nun bevor\" style=\"object-fit:cover;\" srcset=\"https:\/\/osz-teltow.de\/wp-content\/uploads\/2026\/07\/IMG_8788-scaled.jpg 2560w, https:\/\/osz-teltow.de\/wp-content\/uploads\/2026\/07\/IMG_8788-300x200.jpg 300w, https:\/\/osz-teltow.de\/wp-content\/uploads\/2026\/07\/IMG_8788-1024x683.jpg 1024w, https:\/\/osz-teltow.de\/wp-content\/uploads\/2026\/07\/IMG_8788-768x512.jpg 768w, https:\/\/osz-teltow.de\/wp-content\/uploads\/2026\/07\/IMG_8788-1536x1024.jpg 1536w, https:\/\/osz-teltow.de\/wp-content\/uploads\/2026\/07\/IMG_8788-2048x1365.jpg 2048w\" sizes=\"auto, (max-width: 2560px) 100vw, 2560px\" \/><\/a><\/figure><\/div>\n\n\n\n<div class=\"wp-block-column is-layout-flow wp-block-column-is-layout-flow\" style=\"flex-basis:50%\"><h6 class=\"wp-block-post-title\"><a href=\"https:\/\/osz-teltow.de\/index.php\/2026\/07\/06\/ein-langes-arbeitsleben-neue-aufgaben-stehen-nun-bevor\/\" target=\"_self\" >Ein langes Arbeitsleben, neue Aufgaben stehen nun bevor<\/a><\/h6>\n\n<div class=\"wp-block-post-excerpt\"><p class=\"wp-block-post-excerpt__excerpt\">Am 30.06.2026 lie\u00df unsere stellvertretende Schulleiterin, Frau Kanitz, mit einer fantastischen Abschiedungsfeier noch einmal einen R\u00fcckblick auf ihre beruflichen Highlights zu. Geladene G\u00e4ste und die Kollegen des OSZ leiteten gemeinsam bei diesem wundersch\u00f6nen Sommerfest den bevorstehenden &#8222;Ruhestand&#8220; ein (auch wenn Frau Kanitz uns noch nicht endg\u00fcltig verl\u00e4sst&#8230;) Es gab die Stationen ihres Arbeitslebens, Frau Kanitz&hellip;<\/p><p class=\"wp-block-post-excerpt__more-text\"><a class=\"wp-block-post-excerpt__more-link\" href=\"https:\/\/osz-teltow.de\/index.php\/2026\/07\/06\/ein-langes-arbeitsleben-neue-aufgaben-stehen-nun-bevor\/\">Mehr<\/a><\/p><\/div><\/div>\n<\/div>\n\n<\/li><li class=\"wp-block-post post-2775 post type-post status-publish format-standard has-post-thumbnail hentry category-allgemein\">\n\n<div class=\"wp-block-columns alignwide is-layout-flex wp-container-core-columns-is-layout-79fb870f wp-block-columns-is-layout-flex\">\n<div class=\"wp-block-column is-layout-flow wp-block-column-is-layout-flow\" style=\"flex-basis:50%\"><figure class=\"wp-block-post-featured-image\"><a href=\"https:\/\/osz-teltow.de\/index.php\/2026\/07\/05\/die-im-dunkeln-sieht-man-nicht\/\" target=\"_self\" ><img loading=\"lazy\" decoding=\"async\" width=\"1357\" height=\"1018\" src=\"https:\/\/osz-teltow.de\/wp-content\/uploads\/2026\/07\/2026_ltt_web-artikel-24.jpg\" class=\"attachment-post-thumbnail size-post-thumbnail wp-post-image\" alt=\"\u201eDie im Dunkeln sieht man nicht\u201c\" style=\"object-fit:cover;\" srcset=\"https:\/\/osz-teltow.de\/wp-content\/uploads\/2026\/07\/2026_ltt_web-artikel-24.jpg 1357w, https:\/\/osz-teltow.de\/wp-content\/uploads\/2026\/07\/2026_ltt_web-artikel-24-300x225.jpg 300w, https:\/\/osz-teltow.de\/wp-content\/uploads\/2026\/07\/2026_ltt_web-artikel-24-1024x768.jpg 1024w, https:\/\/osz-teltow.de\/wp-content\/uploads\/2026\/07\/2026_ltt_web-artikel-24-768x576.jpg 768w\" sizes=\"auto, (max-width: 1357px) 100vw, 1357px\" \/><\/a><\/figure><\/div>\n\n\n\n<div class=\"wp-block-column is-layout-flow wp-block-column-is-layout-flow\" style=\"flex-basis:50%\"><h6 class=\"wp-block-post-title\"><a href=\"https:\/\/osz-teltow.de\/index.php\/2026\/07\/05\/die-im-dunkeln-sieht-man-nicht\/\" target=\"_self\" >\u201eDie im Dunkeln sieht man nicht\u201c<\/a><\/h6>\n\n<div class=\"wp-block-post-excerpt\"><p class=\"wp-block-post-excerpt__excerpt\">Mediengestalterinnen und Veranstaltungstechnikerinnen beim Landes-Schultheater-Treffen Drau\u00dfen klettern die Temperaturen in Richtung 40\u00b0 im Schatten zu, drinnen, im Treffpunkt Freizeit Potsdam, l\u00e4uft D\u00fcrrenmatt, Shakespeare und Goethe. Die Darsteller sind jung, denn es ist wieder Landes-Schul-Theater-Treffen (LTT). Acht Schulklassen aus ganz Brandenburg sind im Treffpunkt Freizeit Potsdam zusammengekommen, um ihre B\u00fchnen-St\u00fccke gegenseitig zu zeigen, anzuschauen und zu&hellip;<\/p><p class=\"wp-block-post-excerpt__more-text\"><a class=\"wp-block-post-excerpt__more-link\" href=\"https:\/\/osz-teltow.de\/index.php\/2026\/07\/05\/die-im-dunkeln-sieht-man-nicht\/\">Mehr<\/a><\/p><\/div><\/div>\n<\/div>\n\n<\/li><li class=\"wp-block-post post-2758 post type-post status-publish format-standard has-post-thumbnail hentry category-allgemein\">\n\n<div class=\"wp-block-columns alignwide is-layout-flex wp-container-core-columns-is-layout-79fb870f wp-block-columns-is-layout-flex\">\n<div class=\"wp-block-column is-layout-flow wp-block-column-is-layout-flow\" style=\"flex-basis:50%\"><figure class=\"wp-block-post-featured-image\"><a href=\"https:\/\/osz-teltow.de\/index.php\/2026\/07\/05\/sportliches-finale-im-schuljahr-2025-2026\/\" target=\"_self\" ><img loading=\"lazy\" decoding=\"async\" width=\"2560\" height=\"1244\" src=\"https:\/\/osz-teltow.de\/wp-content\/uploads\/2026\/07\/20260626_123127-scaled.jpg\" class=\"attachment-post-thumbnail size-post-thumbnail wp-post-image\" alt=\"Sportliches Finale im Schuljahr 2025\/2026\" style=\"object-fit:cover;\" srcset=\"https:\/\/osz-teltow.de\/wp-content\/uploads\/2026\/07\/20260626_123127-scaled.jpg 2560w, https:\/\/osz-teltow.de\/wp-content\/uploads\/2026\/07\/20260626_123127-300x146.jpg 300w, https:\/\/osz-teltow.de\/wp-content\/uploads\/2026\/07\/20260626_123127-1024x498.jpg 1024w, https:\/\/osz-teltow.de\/wp-content\/uploads\/2026\/07\/20260626_123127-768x373.jpg 768w, https:\/\/osz-teltow.de\/wp-content\/uploads\/2026\/07\/20260626_123127-1536x747.jpg 1536w, https:\/\/osz-teltow.de\/wp-content\/uploads\/2026\/07\/20260626_123127-2048x996.jpg 2048w\" sizes=\"auto, (max-width: 2560px) 100vw, 2560px\" \/><\/a><\/figure><\/div>\n\n\n\n<div class=\"wp-block-column is-layout-flow wp-block-column-is-layout-flow\" style=\"flex-basis:50%\"><h6 class=\"wp-block-post-title\"><a href=\"https:\/\/osz-teltow.de\/index.php\/2026\/07\/05\/sportliches-finale-im-schuljahr-2025-2026\/\" target=\"_self\" >Sportliches Finale im Schuljahr 2025\/2026<\/a><\/h6>\n\n<div class=\"wp-block-post-excerpt\"><p class=\"wp-block-post-excerpt__excerpt\">Volleyballturniere in den einzelnen Turnuswochen Das Ende des Schuljahres ist nicht mehr weit! Unsere Klassen zeig(t)en beim Volleyball, was sportlich in ihnen steckt. Spannende Spiele, sehr engagiert und gepr\u00e4gt vom Teamgeist wurden auch dieses Jahr von unserem Sportlehrer-Kollegium organisiert und durchgef\u00fchrt. Die Schiedsrichter wurden durch spielfreie Mitsch\u00fcler \u00fcbernommen. Alle Spielerteams lieferten faire K\u00e4mpfe ab. F\u00fcr&hellip;<\/p><p class=\"wp-block-post-excerpt__more-text\"><a class=\"wp-block-post-excerpt__more-link\" href=\"https:\/\/osz-teltow.de\/index.php\/2026\/07\/05\/sportliches-finale-im-schuljahr-2025-2026\/\">Mehr<\/a><\/p><\/div><\/div>\n<\/div>\n\n<\/li><\/ul><\/div>\n\n\n<ul class=\"wp-block-archives-list alignwide wp-block-archives\">\t<li><a href='https:\/\/osz-teltow.de\/index.php\/2026\/'>2026<\/a>&nbsp;(13)<\/li>\n\t<li><a href='https:\/\/osz-teltow.de\/index.php\/2025\/'>2025<\/a>&nbsp;(16)<\/li>\n\t<li><a href='https:\/\/osz-teltow.de\/index.php\/2024\/'>2024<\/a>&nbsp;(8)<\/li>\n<\/ul>","protected":false},"excerpt":{"rendered":"<p>News<\/p>\n","protected":false},"author":1,"featured_media":0,"parent":0,"menu_order":0,"comment_status":"closed","ping_status":"closed","template":"template-no-title","meta":{"_themeisle_gutenberg_block_has_review":false,"footnotes":""},"class_list":["post-1719","page","type-page","status-publish","hentry"],"_links":{"self":[{"href":"https:\/\/osz-teltow.de\/index.php\/wp-json\/wp\/v2\/pages\/1719","targetHints":{"allow":["GET"]}}],"collection":[{"href":"https:\/\/osz-teltow.de\/index.php\/wp-json\/wp\/v2\/pages"}],"about":[{"href":"https:\/\/osz-teltow.de\/index.php\/wp-json\/wp\/v2\/types\/page"}],"author":[{"embeddable":true,"href":"https:\/\/osz-teltow.de\/index.php\/wp-json\/wp\/v2\/users\/1"}],"replies":[{"embeddable":true,"href":"https:\/\/osz-teltow.de\/index.php\/wp-json\/wp\/v2\/comments?post=1719"}],"version-history":[{"count":5,"href":"https:\/\/osz-teltow.de\/index.php\/wp-json\/wp\/v2\/pages\/1719\/revisions"}],"predecessor-version":[{"id":1836,"href":"https:\/\/osz-teltow.de\/index.php\/wp-json\/wp\/v2\/pages\/1719\/revisions\/1836"}],"wp:attachment":[{"href":"https:\/\/osz-teltow.de\/index.php\/wp-json\/wp\/v2\/media?parent=1719"}],"curies":[{"name":"wp","href":"https:\/\/api.w.org\/{rel}","templated":true}]}}